{"id":864,"date":"2022-05-24T07:06:57","date_gmt":"2022-05-24T07:06:57","guid":{"rendered":"https:\/\/vfgfoundation.org\/?page_id=864"},"modified":"2023-01-08T09:13:55","modified_gmt":"2023-01-08T09:13:55","slug":"datenschutzerklaerung","status":"publish","type":"page","link":"https:\/\/vfgfoundation.org\/de\/datenschutzerklaerung\/","title":{"rendered":"Datenschutzerkl\u00e4rung"},"content":{"rendered":"\t\t<div data-elementor-type=\"wp-page\" data-elementor-id=\"864\" class=\"elementor elementor-864\">\n\t\t\t\t\t\t<section class=\"elementor-section elementor-top-section elementor-element elementor-element-573a662 elementor-section-boxed elementor-section-height-default elementor-section-height-default\" data-id=\"573a662\" data-element_type=\"section\" data-e-type=\"section\" data-settings=\"{&quot;background_background&quot;:&quot;classic&quot;}\">\n\t\t\t\t\t\t\t<div class=\"elementor-background-overlay\"><\/div>\n\t\t\t\t\t\t\t<div class=\"elementor-container elementor-column-gap-no\">\n\t\t\t\t\t<div class=\"elementor-column elementor-col-100 elementor-top-column elementor-element elementor-element-35beeb4\" data-id=\"35beeb4\" data-element_type=\"column\" data-e-type=\"column\">\n\t\t\t<div class=\"elementor-widget-wrap elementor-element-populated\">\n\t\t\t\t\t\t<section class=\"elementor-section elementor-inner-section elementor-element elementor-element-d1b7bf6 elementor-section-boxed elementor-section-height-default elementor-section-height-default\" data-id=\"d1b7bf6\" data-element_type=\"section\" data-e-type=\"section\">\n\t\t\t\t\t\t<div class=\"elementor-container elementor-column-gap-no\">\n\t\t\t\t\t<div class=\"elementor-column elementor-col-100 elementor-inner-column elementor-element elementor-element-34e893a\" data-id=\"34e893a\" data-element_type=\"column\" data-e-type=\"column\">\n\t\t\t<div class=\"elementor-widget-wrap elementor-element-populated\">\n\t\t\t\t\t\t<div class=\"elementor-element elementor-element-3478a3a elementor-widget elementor-widget-spacer\" data-id=\"3478a3a\" data-element_type=\"widget\" data-e-type=\"widget\" data-widget_type=\"spacer.default\">\n\t\t\t\t<div class=\"elementor-widget-container\">\n\t\t\t\t\t\t\t<div class=\"elementor-spacer\">\n\t\t\t<div class=\"elementor-spacer-inner\"><\/div>\n\t\t<\/div>\n\t\t\t\t\t\t<\/div>\n\t\t\t\t<\/div>\n\t\t\t\t<div class=\"elementor-element elementor-element-f5b0bde elementor-hidden-mobile elementor-widget elementor-widget-heading\" data-id=\"f5b0bde\" data-element_type=\"widget\" data-e-type=\"widget\" data-widget_type=\"heading.default\">\n\t\t\t\t<div class=\"elementor-widget-container\">\n\t\t\t\t\t<h2 class=\"elementor-heading-title elementor-size-default\">Datenschutzerkl\u00e4rung<\/h2>\t\t\t\t<\/div>\n\t\t\t\t<\/div>\n\t\t\t\t<div class=\"elementor-element elementor-element-18f1870 elementor-hidden-desktop elementor-hidden-tablet elementor-widget elementor-widget-heading\" data-id=\"18f1870\" data-element_type=\"widget\" data-e-type=\"widget\" data-widget_type=\"heading.default\">\n\t\t\t\t<div class=\"elementor-widget-container\">\n\t\t\t\t\t<h2 class=\"elementor-heading-title elementor-size-default\">Datenschutz-\n<p>erkl\u00e4rung<\/h2>\t\t\t\t<\/div>\n\t\t\t\t<\/div>\n\t\t\t\t\t<\/div>\n\t\t<\/div>\n\t\t\t\t\t<\/div>\n\t\t<\/section>\n\t\t\t\t\t<\/div>\n\t\t<\/div>\n\t\t\t\t\t<\/div>\n\t\t<\/section>\n\t\t\t\t<section class=\"elementor-section elementor-top-section elementor-element elementor-element-f617fd2 elementor-section-boxed elementor-section-height-default elementor-section-height-default\" data-id=\"f617fd2\" data-element_type=\"section\" data-e-type=\"section\">\n\t\t\t\t\t\t<div class=\"elementor-container elementor-column-gap-default\">\n\t\t\t\t\t<div class=\"elementor-column elementor-col-100 elementor-top-column elementor-element elementor-element-62a1c2f\" data-id=\"62a1c2f\" data-element_type=\"column\" data-e-type=\"column\">\n\t\t\t<div class=\"elementor-widget-wrap elementor-element-populated\">\n\t\t\t\t\t\t<div class=\"elementor-element elementor-element-08fd4b3 elementor-widget elementor-widget-text-editor\" data-id=\"08fd4b3\" data-element_type=\"widget\" data-e-type=\"widget\" data-widget_type=\"text-editor.default\">\n\t\t\t\t<div class=\"elementor-widget-container\">\n\t\t\t\t\t\t\t\t\t<p><a name=\"_Toc67060219\"><\/a><strong>Datenschutzerkl\u00e4rung<\/strong><\/p><p>Vielen Dank f\u00fcr den Besuch auf unserer Webseite. Die Einhaltung der datenschutzrechtlichen Vorgaben hat f\u00fcr uns eine besondere Bedeutung. Ziel dieser Datenschutzerkl\u00e4rung ist es, Sie als Nutzer der Website \u00fcber Art, Umfang und Zweck der Verarbeitung personenbezogener Daten und die f\u00fcr Sie bestehenden Rechte aufzukl\u00e4ren, soweit Sie als betroffene Person i.S.d. Art. 4 Nr. 1 der Datenschutz-Grundverordnung gelten.<\/p><ol><li><h3><strong> Verantwortliche Stelle<\/strong><\/h3><\/li><\/ol><p>Diese Website und das Leistungsangebot werden betrieben von:<\/p><p>Value for Good GmbH<br \/>Franz\u00f6sische Str. 47<br \/>10117 Berlin<br \/>Deutschland<\/p><p>Tel.: +49 (0)30 470 159 97<\/p><p>Mail: privacy@valueforgood.com<br \/><br \/><\/p><h3><strong>2. Datenschutzbeauftragter<\/strong><\/h3><p>Wir haben einen Datenschutzbeauftragten bestellt.<\/p><p><a href=\"http:\/\/www.mein-datenschutzbeauftragter.de\">www.mein-datenschutzbeauftragter.de<\/a><\/p><p>Herr Philipp Herold<\/p><p>Hafenstra\u00dfe 1a<\/p><p>23568 L\u00fcbeck<\/p><p>E-Mail: privacy@valueforgood.com<\/p><ol start=\"3\"><li><h3><strong>Allgemeines<\/strong><\/h3><\/li><\/ol><p>Die Entwicklung der Website haben wir darauf ausgelegt, so wenig Daten wie m\u00f6glich von Ihnen zu erheben. Grunds\u00e4tzlich ist der Besuch unserer Website ohne Angaben personenbezogener Daten m\u00f6glich. Hierbei achten wir stets darauf, Ihre personenbezogenen Daten nur im Einklang mit einer gesetzlichen Grundlage oder einer von Ihnen erteilten Einwilligung zu verarbeiten. Wir halten uns an die Regelungen der seit dem 25.5.2018 geltenden Datenschutz-Grundverordnung (DSGVO) und die jeweils geltenden nationalen Vorschriften, wie das Bundesdatenschutzgesetz, das Telemediengesetz oder andere spezielleren Gesetze zum Datenschutz.<\/p><ol start=\"4\"><li><strong> Verwendungszweck und Rechtsgrundlage der Verarbeitung der personenbezogenen Daten<\/strong><\/li><\/ol><p>Wir verarbeiten Ihre personenbezogenen Daten stets zweckgebunden.<\/p><p>Zusammengefasst verarbeiten wir Ihre personenbezogenen Daten zu folgenden Zwecken:<\/p><ol><li>a) Um mit Ihnen bei Kontaktanfragen Ihr Anliegen bearbeiten zu k\u00f6nnen (z.B. E-Mail-Adresse, Vorname, Nachname);<\/li><li>b) Zur technischen Realisierung unserer Website und um Ihnen unsere Informationen auf dieser Website bereitstellen zu k\u00f6nnen (z.B. IP-Adresse, Cookies, Browserinformationen)<\/li><li>c) Um eine Bewerbung von Ihnen auf eines unserer Stellenangebote entgegenzunehmen und bearbeiten zu k\u00f6nnen.<\/li><\/ol><p>Bez\u00fcglich der Rechtsgrundlage f\u00fcr die Verarbeitung Ihrer personenbezogenen Daten gilt: Personenbezogene Daten, die f\u00fcr die Begr\u00fcndung, Durchf\u00fchrung oder Abwicklung unseres Leistungsangebotes (Vertragsabwicklung) erforderlich sind, verarbeiten wir auf der Rechtsgrundlage des Art. 6 Abs. 1 lit. b DSGVO. Soweit wir von Ihnen eine Einwilligung f\u00fcr die Verarbeitung Ihrer personenbezogenen Daten einholen, bildet die Einwilligung nach Art. 6 Abs. 1 lit. a DSGVO die Rechtsgrundlage f\u00fcr die Datenverarbeitung. Eine Datenverarbeitung ist auch dann zul\u00e4ssig, wenn wir Ihre Daten zur Wahrung unserer berechtigten Interessen verarbeiten und dabei Ihre Interessen oder Grundrechte und Grundfreiheiten bzgl. der Verarbeitung personenbezogener Daten nicht \u00fcberwiegen. Soweit wir externe Dienstleiser im Rahmen einer Auftragsdatenverarbeitung einsetzen, erfolgt die Verarbeitung auf der Rechtsgrundlage des Art. 28 DSGVO.<\/p><ol start=\"5\"><li><strong> Erhobene und verarbeitete personenbezogene Daten<\/strong><\/li><\/ol><p>Im Rahmen unseres Webangebotes erheben und verarbeiten wir bestimmte personenbezogene Daten von Ihnen. Welche Daten konkret verarbeitet werden erkennen Sie zum einen daran, welche Daten Sie beim Ausf\u00fcllen von Formularen auf der Website, angeben m\u00fcssen und zum anderen informieren wir Sie \u00fcber die verarbeiteten Daten zu den hier jeweils beschriebenen Verarbeitungsvorg\u00e4ngen.<\/p><p>Zusammengefasst erheben und verarbeiten wir die folgenden Daten von Ihnen \u00fcber unsere Website:<\/p><p>Allgemeine Kontaktdaten:<\/p><ul><li>Name, Vorname<\/li><li>E-Mail-Adresse<\/li><li>Inhalt der Nachricht<\/li><\/ul><p>Online-Bewerbung:<\/p><ul><li>Name, Vorname<\/li><li>Vor- und Nachname<\/li><li>Stra\u00dfe, Hausnummer<\/li><li>PLZ<\/li><li>Ort<\/li><li>E-Mail-Adresse<\/li><li>Bewerbungsunterlagen<\/li><li>Telefonnummer<\/li><\/ul><p>Ihre Daten werden wir nur zu den in dieser Datenschutzerkl\u00e4rung genannten Zwecken erheben und verarbeiten. Eine \u00fcber den aufgezeigten Zweck hinausgehende Nutzung bedarf Ihrer ausdr\u00fccklichen Einwilligung. Gleiches gilt auch f\u00fcr die \u00dcbertragung und \u00dcbermittlung Ihrer Daten an Dritte.<\/p><ol start=\"6\"><li><strong> Erhebung personenbezogener Daten bei Besuch unserer Website<\/strong><\/li><\/ol><p>Bei der blo\u00df informatorischen Nutzung der Website, also wenn Sie sich nicht registrieren oder uns anderweitig Informationen \u00fcbermitteln, erheben wir nur die personenbezogenen Daten, die Ihr Browser an unseren Server \u00fcbermittelt. Wenn Sie unsere Website betrachten m\u00f6chten, erheben wir die folgenden Daten, die f\u00fcr uns technisch erforderlich sind, um Ihnen unsere Website anzuzeigen und die Stabilit\u00e4t und Sicherheit zu gew\u00e4hrleisten (Rechtsgrundlage ist Art. 6 Abs. 1 S. 1 lit. f DS-GVO):<\/p><ul><li>IP-Adresse<\/li><li>Datum und Uhrzeit der Anfrage<\/li><li>Zeitzonendifferenz zur Greenwich Mean Time (GMT)<\/li><li>Inhalt der Anforderung (konkrete Seite)<\/li><li>Zugriffsstatus\/HTTP-Statuscode<\/li><li>jeweils \u00fcbertragene Datenmenge<\/li><li>Website, von der die Anforderung kommt<\/li><li>Browser<\/li><li>Betriebssystem und dessen Oberfl\u00e4che<\/li><li>Sprache und Version der Browsersoftware.<\/li><\/ul><p>Zus\u00e4tzlich zu den zuvor genannten Daten werden bei Ihrer Nutzung unserer Website Cookies auf Ihrem Rechner gespeichert. Weitere Informationen hierzu finden Sie unter dem Punkt \u201eCookies\u201c in dieser Datenschutzerkl\u00e4rung.<strong>\u00a0<\/strong><\/p><ol start=\"7\"><li><strong> Einbindung von Diensten anderer Anbieter<\/strong><\/li><\/ol><p>Unsere Website nutzt Inhalte, Dienste und Leistungen anderer Anbieter. Das sind zum Beispiel Dienste zur statistischen Auswertung zur Nutzung und zum Besuch unserer Website. Damit diese Daten im Browser des Nutzers aufgerufen und dargestellt werden k\u00f6nnen, ist die \u00dcbermittlung der IP-Adresse des Nutzers an diesen Dritt-Anbieter zwingend notwendig.<\/p><p>Auch wenn wir bem\u00fcht sind, ausschlie\u00dflich Dritt-Anbieter zu nutzen, welche die IP-Adresse nur ben\u00f6tigen, um Inhalte ausliefern zu k\u00f6nnen oder gar mit anonymisierten IP-Adressen arbeiten, haben wir keinen Einfluss darauf, ob die IP-Adresse m\u00f6glicherweise gespeichert wird. Informationen zu den eingesetzten Dritt-Anbietern finden Sie im Folgenden in dieser Datenschutzerkl\u00e4rung.<\/p><p><strong>Google Fonts<\/strong><\/p><p>Art und Umfang der Verarbeitung<\/p><p>Wir verwenden Google Fonts von Google Ireland Limited, Gordon House, Barrow Street, Dublin 4, Irland, als Dienst zur Bereitstellung von Schriftarten f\u00fcr unser Onlineangebot. Um diese Schriftarten zu beziehen, stellen Sie eine Verbindung zu Servern von Google Ireland Limited her, wobei Ihre IP-Adresse \u00fcbertragen wird.<\/p><p>Zweck und Rechtsgrundlage<\/p><p>Der Einsatz von Google Fonts erfolgt auf Grundlage Ihrer Einwilligung gem\u00e4\u00df Art. 6 Abs. 1 lit. a. DSGVO und \u00a7 25 Abs. 1 TTDSG.<\/p><p><strong>Speicherdauer<\/strong><\/p><p>Die konkrete Speicherdauer der verarbeiteten Daten ist nicht durch uns beeinflussbar, sondern wird von Google Ireland Limited bestimmt. Weitere Hinweise finden Sie in der Datenschutzerkl\u00e4rung f\u00fcr Google Fonts: https:\/\/policies.google.com\/privacy.<\/p><p><strong>Gravatar<\/strong><\/p><p>Art und Umfang der Verarbeitung<\/p><p>Wir verwenden zur ordnungsgem\u00e4\u00dfen Bereitstellung der Inhalte unserer Website Gravatar. Gravatar ist ein Dienst der Automattic Inc., welcher auf unserer Website als Content Delivery Network (CDN) fungiert.<\/p><p>Ein CDN tr\u00e4gt dazu bei, Inhalte unseres Onlineangebotes, insbesondere Dateien wie Grafiken oder Skripte, mit Hilfe regional oder international verteilter Server schneller bereitzustellen. Wenn Sie auf diese Inhalte zugreifen, stellen Sie eine Verbindung zu Servern der Automattic Inc., San Francisco, California, US her, wobei Ihre IP-Adresse und ggf. Browserdaten wie Ihr User-Agent \u00fcbermittelt werden. Diese Daten werden ausschlie\u00dflich zu den oben genannten Zwecken und zur Aufrechterhaltung der Sicherheit und Funktionalit\u00e4t von Gravatar verarbeitet.<\/p><p><br \/><strong>Zweck und Rechtsgrundlage<\/strong><\/p><p>Die Nutzung des Content Delivery Networks erfolgt auf Grundlage unserer berechtigten Interessen, d.h. Interesse an einer sicheren und effizienten Bereitstellung sowie der Optimierung unseres Onlineangebotes gem\u00e4\u00df Art. 6 Abs. 1 lit. f. DSGVO.<\/p><p><br \/><strong>Speicherdauer<\/strong><\/p><p>Die konkrete Speicherdauer der verarbeiteten Daten ist nicht durch uns beeinflussbar, sondern wird von Automattic Inc. bestimmt. Weitere Hinweise finden Sie in der Datenschutzerkl\u00e4rung f\u00fcr Gravatar: https:\/\/automattic.com\/privacy\/.<\/p><ol start=\"8\"><li><strong> Cookies<\/strong><\/li><\/ol><p>Cookies sind kleine Textdateien, die auf Ihrem Datentr\u00e4ger gespeichert werden und bestimmte Einstellungen und Daten zum Austausch mit unserem System \u00fcber Ihren Browser speichern. Ein Cookie enth\u00e4lt in der Regel den Namen der Domain, von der die Cookie-Daten gesendet wurden sowie Informationen \u00fcber das Alter des Cookies und ein alphanumerisches Identifizierungszeichen.<\/p><p>Cookies erm\u00f6glichen unseren Systemen, das Ger\u00e4t des Nutzers zu erkennen und eventuelle Voreinstellungen sofort verf\u00fcgbar zu machen. Sobald ein Nutzer auf die Plattform zugreift, wird ein Cookie auf die Festplatte des Computers des jeweiligen Nutzers \u00fcbermittelt. Cookies helfen uns, unsere Website zu verbessern und Ihnen einen besseren und noch mehr auf Sie zugeschnittenen Service anbieten zu k\u00f6nnen. Sie erm\u00f6glichen uns, Ihren Computer, bzw. Ihr (mobiles) Endger\u00e4t wieder zu erkennen, wenn Sie auf unsere Website zur\u00fcckkehren und dadurch:<\/p><ul><li>Informationen \u00fcber Ihre bevorzugten Aktivit\u00e4ten auf der Website zu speichern und so unsere Website an Ihren individuellen Interessen auszurichten.<\/li><li>Die Geschwindigkeit der Abwicklung Ihrer Anfragen zu beschleunigen.<\/li><\/ul><p>Wir arbeiten mit Diensten Dritter zusammen, die uns dabei unterst\u00fctzen, das Internetangebot und die Website f\u00fcr Sie interessanter zu gestalten. Daher werden bei einem Besuch der Website auch Cookies von diesen Partnerunternehmen (Drittanbieter) auf Ihrer Festplatte gespeichert. Hierbei handelt es sich um Cookies, die sich automatisch nach der vorgegebenen Zeit l\u00f6schen.<\/p><p>N\u00e4here Informationen zu den einzelnen Drittanbietern entnehmen Sie dem Cookie Consent Tool und den darin hinterlegten Datenschutzhinweisen.<\/p><p>Sollten Sie eine Verwendung von Browser-Cookies nicht w\u00fcnschen, k\u00f6nnen Sie Ihren Browser so einstellen, dass eine Speicherung von Cookies nicht akzeptiert wird. Bitte beachten Sie, dass Sie unsere Website in diesem Fall ggf. nur eingeschr\u00e4nkt oder gar nicht nutzen k\u00f6nnen. Wenn Sie nur unsere eigenen Cookies, nicht aber die Cookies unserer Dienstleister und Partner akzeptieren wollen, k\u00f6nnen Sie die Einstellung in Ihrem Browser \u201eCookies von Drittanbietern blockieren\u201c w\u00e4hlen. Wir \u00fcbernehmen keine Verantwortung f\u00fcr die Benutzung von Cookies Dritter.<\/p><ol start=\"9\"><li><strong> Kontaktformular f\u00fcr Bewerber<\/strong><\/li><\/ol><p>Art und Umfang der Verarbeitung<\/p><p>Auf unserer Webseite bieten wir Ihnen an, \u00fcber ein bereitgestelltes Formular eine Bewerbung bei uns einzureichen. Die Informationen, die \u00fcber Pflichtfelder erhoben werden, sind erforderlich, um die Anfrage bearbeiten zu k\u00f6nnen. Dar\u00fcber hinaus k\u00f6nnen Sie freiwillig zus\u00e4tzliche Informationen bereitstellen, die aus Ihrer Sicht f\u00fcr die Bearbeitung der Kontaktanfrage notwendig sind.<\/p><p>Zur Bearbeitung von Bewerbungen nutzen wir ein Tool der Personio GmbH. Weitere Informationen hierzu finden Sie unter folgenden Link auf unserer Bewerberwebsite:<\/p><p>https:\/\/value-for-good.jobs.personio.de\/<\/p><p>Zweck und Rechtsgrundlage<\/p><p>Die Verarbeitung Ihrer Daten aufgrund der Nutzung des Bewerberformulars erfolgt zum Zweck der Bearbeitung Ihrer Bewerbung und Entscheidung \u00fcber die Begr\u00fcndung eines Besch\u00e4ftigungsverh\u00e4ltnisses auf Grundlage des \u00a7 26 BDSG. Es besteht keine gesetzliche oder vertragliche Pflicht zur Bereitstellung Ihrer Daten, jedoch ist die Bearbeitung Ihrer Bewerbung ohne die Bereitstellung der Informationen der Pflichtfelder nicht m\u00f6glich. Soweit Sie diese Daten nicht bereitstellen m\u00f6chten, nutzen Sie bitte andere M\u00f6glichkeiten der Bewerbung bei uns.<\/p><p><strong>Speicherdauer<\/strong><\/p><p>Wir speichern die erhobenen Daten f\u00fcr die Dauer des Bewerbungsverfahrens, sowie im Falle einer Nichteinstellung f\u00fcr die Dauer von sechs Monaten ab Datum der Ablehnung und im Falle einer Einstellung f\u00fcr die Dauer von drei Jahren nach Ende der Besch\u00e4ftigung.<\/p><ol start=\"10\"><li><strong> Pr\u00e4senz in sozialen Medien und Facebook Fanpage<\/strong><\/li><\/ol><p>Um unser Unternehmen bestm\u00f6glich pr\u00e4sentieren zu k\u00f6nnen und mit Ihnen als Nutzer, Kunden oder Interessenten zu kommunizieren und Sie \u00fcber unsere angebotenen Leistungen informieren zu k\u00f6nnen, greifen wir auf Pr\u00e4senzen in sozialen Netzwerken zur\u00fcck.<\/p><p>Sie finden uns auf folgenden Plattformen bzw. sozialen Netzwerken<\/p><ul><li>Facebook<\/li><li>Instagram<\/li><li>LinkedIn<\/li><\/ul><p>Bei der Nutzung von sozialen Netzwerken kommt es zur Verarbeitung von Daten au\u00dferhalb der Europ\u00e4ischen Union (EU) und dem Europ\u00e4ischen Wirtschaftsraum (EWR). Ein gleichwertiges, wie in der EU vorhandenes Datenschutzniveau, kann nicht in allen L\u00e4ndern au\u00dferhalb der EU gew\u00e4hrleistet werden.<\/p><p>In diesem Zusammenhang kann es f\u00fcr Sie als Nutzer zu Risiken f\u00fchren, wenn die \u00fcbermittelten Daten in sog. Drittl\u00e4ndern mit einem nicht angemessenen Datenschutzniveau verarbeitet werden.Dies erschwert die Durchsetzung bekannter Nutzerrechte. Zudem kann es dazu kommen, dass Ihre Daten nicht in Ihrem Interesse, durch den Anbieter im Drittland, verarbeitet werden.\u00a0 <br \/>In den USA besteht kein mit den Vorgaben der DS-GVO vergleichbares Datenschutzniveau. Es ist m\u00f6glich, dass staatliche Stellen auf personenbezogene Daten zugreifen, ohne dass wir oder Sie davon erfahren. Eine Durchsetzung Ihrer Rechte ist in den USA voraussichtlich nicht m\u00f6glich.\u00a0<\/p><p>Die verfolgten Verarbeitungszwecke der sozialen Netzwerke weichen in der Regel von unseren ab. So kommt es zumeist dazu, dass die von Ihnen in sozialen Netzwerken erfassten Daten f\u00fcr Zwecke der Marktforschung, Werbung und Erstellung von Nutzerprofilen zur personalisierten Werbung verarbeitet werden (z.B. Facebook, Google, Instagram etc.).<\/p><p>Um dies zu realisieren, werden Cookies verwendet, welche das Nutzerverhalten erfassen und eine Profilbildung des Nutzers erm\u00f6glichen. Im Falle von Facebook, kommt es auch zu einer Erstellung eines Nutzerprofils von Personen, die kein registriertes Konto auf Facebook unterhalten. <br \/>Eine konkrete Auflistung der Verarbeitungszwecke der Nutzerdaten finden Sie in den Datenschutzhinweisen der jeweiligen Anbieter. Mit der Vornahme entsprechender Einstellungen in Ihrem Nutzerkonto kann die Profilbildung von Ihnen, zumindest in Ma\u00dfen, eingeschr\u00e4nkt werden. Zur genauen Vorgehensweise lesen Sie bitte die entsprechenden Datenschutzhinweise des jeweiligen Anbieters.<\/p><p><strong>Facebook Fanpage<\/strong><\/p><p>Beim Besuch unserer Facebook-Seite erfasst Facebook u.a. Ihre IP-Adresse sowie weitere Informationen, die in Form von Cookies auf Ihrem PC vorhanden sind. Diese Informationen werden verwendet, um uns als Betreiber der Facebook-Seiten statistische Informationen \u00fcber die Inanspruchnahme der Facebook-Seite zur Verf\u00fcgung zu stellen. N\u00e4here Informationen hierzu stellt Facebook unter folgendem Link zur Verf\u00fcgung: <a href=\"http:\/\/de-de.facebook.com\/help\/pages\/insights\">http:\/\/de-de.facebook.com\/help\/pages\/insights<\/a> .<\/p><p>Mittels der \u00fcbermittelten statistischen Informationen ist es uns nicht m\u00f6glich, R\u00fcckschl\u00fcsse auf einzelne Nutzer zu ziehen. Wir greifen auf diese lediglich dahingehend zur\u00fcck, um auf die Interessen unserer Nutzer eingehen zu k\u00f6nnen und unsere Onlinepr\u00e4senz fortgehend zu verbessern und die Qualit\u00e4t dieser zu sichern.<\/p><p>Wir erheben Ihre Daten \u00fcber unsere Fanpage lediglich, um eine m\u00f6gliche Bereitstellung zur Kommunikation und Interaktion mit uns zu realisieren. Diese Erhebung umfasst i.d.R. Ihren Namen, Nachrichteninhalte, Kommentarinhalte sowie die von Ihnen \u201e\u00f6ffentlich\u201c bereitgestellten Profilinformationen.<\/p><p>Die Verarbeitung Ihrer personenbezogenen Daten zu unseren oben genannten Zwecken erfolgt auf Grundlage unseres berechtigten betriebswirtschaftlichen und kommunikativen Interesses an dem Angebot eines Informations- und Kommunikationskanals gem. Art. 6 Abs. 1 lit. f DSGVO. Sollte Sie als Nutzer gegen\u00fcber dem jeweiligen Anbieter des sozialen Netzwerkes eine Einwilligung in die Datenverarbeitung abgegeben haben, erstreckt sich die Rechtsgrundlage der Verarbeitung auf Art. 6 Abs. 1 lit. a, Art. 7 DSGVO.<\/p><p>Auf Grund der Tatsache, dass die eigentliche Datenverarbeitung durch den Anbieter des sozialen Netzwerkes erfolgt, sind unsere Zugriffsm\u00f6glichkeiten auf Ihre Daten beschr\u00e4nkt. Lediglich der Anbieter des sozialen Netzwerkes ist zu einem vollst\u00e4ndigen Zugriff auf Ihre Daten legitimiert. Auf Grund dessen, kann nur der Anbieter direkt entsprechende Ma\u00dfnahmen zur Erf\u00fcllung Ihrer Nutzerrechte (Auskunftsanfrage, L\u00f6schverlangen, Widerspruch, etc.) ergreifen und umsetzen. Die Geltendmachung entsprechender Rechte erfolgt somit am effektivsten direkt gegen\u00fcber dem jeweiligen Anbieter. Sollten Sie dennoch Hilfe in dieser Sachlage ben\u00f6tigen, k\u00f6nnen Sie sich gerne an uns wenden.<\/p><p><strong>Betroffenenrechte<\/strong><\/p><p>Mit dem Facebook \u201ePage Controller Addendum\u201c werden die zusammen mit Facebook einzuhaltenden Rechte und Pflichten aufgezeigt. Diese finden Sie unter folgenden Link: https:\/\/www.facebook.com\/legal\/terms\/page_controller_addendum\u00a0<\/p><p>Bei einem Auskunftsersuchen werden wir dieses an Facebook weiterleiten und bitten Sie das entsprechende Kontaktformular unter <a href=\"https:\/\/www.facebook.com\/login.php?next=https%3A%2F%2Fwww.facebook.com%2Fhelp%2Fcontact%2F308592359910928\">https:\/\/www.facebook.com\/login.php?next=https%3A%2F%2Fwww.facebook.com%2Fhelp%2Fcontact%2F308592359910928<\/a>\u00a0 auszuf\u00fcllen.<\/p><p>Nachstehend finden Sie eine detaillierte Darstellung der jeweiligen Datenverarbeitung durch die Anbieter und deren Widerspruchsm\u00f6glichkeiten (sog. Opt-Out) \u00fcber die entsprechenden Verlinkungen zu den Websites der Anbieter:<\/p><ul><li>Facebook (Meta Platform Ireland, 4 Grand Canal Square, Grand Canal Harbour, Dublin 2, Irland) &#8211; Datenschutzerkl\u00e4rung: <a href=\"https:\/\/www.facebook.com\/about\/privacy%20\/\">https:\/\/www.facebook.com\/about\/privacy \/<\/a> , Opt-Out: <a href=\"https:\/\/www.facebook.com\/settings?tab=ads\">https:\/\/www.facebook.com\/settings?tab=ads<\/a> <a href=\"https:\/\/www.facebook.com\/legal\/terms\/page_controller_addendum\">https:\/\/www.facebook.com\/legal\/terms\/page_controller_addendum<\/a>\u00a0\u00a0<\/li><li>Instagram (Meta Platform Ireland, 4 Grand Canal Square, Grand Canal Harbour, Dublin 2, Irland) -Datenschutzerkl\u00e4rung: <a href=\"http:\/\/instagram.com\/about\/legal\/privacy\/\">http:\/\/instagram.com\/about\/legal\/privacy\/<\/a> Opt-Out: <a href=\"http:\/\/www.youronlinechoices.com\">http:\/\/www.youronlinechoices.com<\/a><\/li><li>LinkedIn (LinkedIn Ireland Unlimited Company Wilton Place, Dublin 2, Irland) &#8211; Datenschutzerkl\u00e4rung: <a href=\"https:\/\/www.linkedin.com\/legal\/privacy-policy\">https:\/\/www.linkedin.com\/legal\/privacy-policy<\/a> , Opt-Out: <a href=\"https:\/\/www.linkedin.com\/psettings\/guest-controls\/retargeting-opt-out\">https:\/\/www.linkedin.com\/psettings\/guest-controls\/retargeting-opt-out<\/a><\/li><\/ul><ol start=\"11\"><li><strong> Rechte der betroffenen Person<\/strong><\/li><\/ol><p><strong>\u00a0<\/strong>Sie haben das Recht:<\/p><ul><li>gem\u00e4\u00df Art.\u00a015 DSGVO Auskunft \u00fcber Ihre von uns verarbeiteten personenbezogenen Daten zu verlangen. Insbesondere k\u00f6nnen Sie Auskunft \u00fcber die Verarbeitungszwecke, die Kategorie der personenbezogenen Daten, die Kategorien von Empf\u00e4ngern, gegen\u00fcber denen Ihre Daten offengelegt wurden oder werden, die geplante Speicherdauer, das Bestehen eines Rechts auf Berichtigung, L\u00f6schung, Einschr\u00e4nkung der Verarbeitung oder Widerspruch, das Bestehen eines Beschwerderechts, die Herkunft ihrer Daten, sofern diese nicht bei uns erhoben wurden, sowie \u00fcber das Bestehen einer automatisierten Entscheidungsfindung einschlie\u00dflich Profiling und ggf. aussagekr\u00e4ftigen Informationen zu deren Einzelheiten verlangen;<\/li><li>gem\u00e4\u00df Art.\u00a016 DSGVO unverz\u00fcglich die Berichtigung unrichtiger oder Vervollst\u00e4ndigung Ihrer bei uns gespeicherten personenbezogenen Daten zu verlangen;<\/li><li>gem\u00e4\u00df Art.\u00a017 DSGVO die L\u00f6schung Ihrer bei uns gespeicherten personenbezogenen Daten zu verlangen, soweit nicht die Verarbeitung zur Aus\u00fcbung des Rechts auf freie Meinungs\u00e4u\u00dferung und Information, zur Erf\u00fcllung einer rechtlichen Verpflichtung, aus Gr\u00fcnden des \u00f6ffentlichen Interesses oder zur Geltendmachung, Aus\u00fcbung oder Verteidigung von Rechtsanspr\u00fcchen erforderlich ist;<\/li><li>gem\u00e4\u00df Art.\u00a018 DSGVO die Einschr\u00e4nkung der Verarbeitung Ihrer personenbezogenen Daten zu verlangen, soweit die Richtigkeit der Daten von Ihnen bestritten wird, die Verarbeitung unrechtm\u00e4\u00dfig ist, Sie aber deren L\u00f6schung ablehnen und wir die Daten nicht mehr ben\u00f6tigen, Sie jedoch diese zur Geltendmachung, Aus\u00fcbung oder Verteidigung von Rechtsanspr\u00fcchen ben\u00f6tigen oder Sie gem\u00e4\u00df Art.\u00a021 DSGVO Widerspruch gegen die Verarbeitung eingelegt haben;<\/li><li>gem\u00e4\u00df Art.\u00a020 DSGVO Ihre personenbezogenen Daten, die Sie uns bereitgestellt haben, in einem strukturierten, g\u00e4ngigen und maschinenlesebaren Format zu erhalten oder die \u00dcbermittlung an einen anderen Verantwortlichen zu verlangen (Daten\u00fcbertragbarkeit);<\/li><li>gem\u00e4\u00df Art.\u00a07 Abs.\u00a03 DSGVO Ihre einmal erteilte Einwilligung jederzeit gegen\u00fcber uns zu widerrufen. Dies hat zur Folge, dass wir die Datenverarbeitung, die auf dieser Einwilligung beruhte, f\u00fcr die Zukunft nicht mehr fortf\u00fchren d\u00fcrfen und<\/li><li>gem\u00e4\u00df Art.\u00a077 DSGVO sich bei einer Aufsichtsbeh\u00f6rde zu beschweren. In der Regel k\u00f6nnen Sie sich hierf\u00fcr an die Aufsichtsbeh\u00f6rde Ihres \u00fcblichen Aufenthaltsortes oder Arbeitsplatzes oder unseres Firmensitzes wenden.<\/li><li>Widerspruchsrecht<\/li><\/ul><p>Sofern Ihre personenbezogenen Daten auf Grundlage von berechtigten Interessen gem\u00e4\u00df Art. 6 Abs. 1 S. 1 lit. f DSGVO verarbeitet werden, haben Sie das Recht, gem\u00e4\u00df Art. 21 DSGVO Widerspruch gegen die Verarbeitung Ihrer personenbezogenen Daten einzulegen, soweit daf\u00fcr Gr\u00fcnde vorliegen, die sich aus Ihrer besonderen Situation ergeben oder sich der Widerspruch gegen Direktwerbung richtet. Im letzteren Fall haben Sie ein generelles Widerspruchsrecht, das ohne Angabe einer besonderen Situation von uns umgesetzt wird.<\/p><p>M\u00f6chten Sie von Ihrem Widerrufs- oder Widerspruchsrecht Gebrauch machen, gen\u00fcgt eine E-Mail an privacy@valueforgood.com.<\/p><ol start=\"12\"><li><strong> Weitergabe Ihrer personenbezogenen Daten<\/strong><\/li><\/ol><p>Die Weitergabe Ihrer personenbezogenen Daten erfolgt wie nachfolgend beschrieben.<\/p><p>Das Hosting der Website erfolgt bei einem externen Dienstleister in Deutschland. Hierbei stellen wir sicher, dass eine Datenverarbeitung allein in Deutschland erfolgt. Dies ist f\u00fcr den Betrieb der Website, sowie f\u00fcr die Begr\u00fcndung, die Durchf\u00fchrung und die Abwicklung des bestehenden Nutzungsvertrages erforderlich und auch ohne Ihre Einwilligung m\u00f6glich.<\/p><p>Eine Weitergabe erfolgt zudem dann, wenn wir aufgrund gesetzlicher Bestimmungen und\/oder beh\u00f6rdlicher oder gerichtlicher Anordnungen zu einer Datenweitergabe berechtigt oder verpflichtet sind. Dabei kann es sich insbesondere um die Auskunftserteilung f\u00fcr Zwecke der Strafverfolgung, zur Gefahrenabwehr oder zur Durchsetzung geistiger Eigentumsrechte handeln.<\/p><p>Soweit Ihre Daten im erforderlichen Umfang an Dienstleister weitergeben werden, haben diese nur insoweit Zugang zu Ihren personenbezogenen Daten, wie dies zur Erf\u00fcllung ihrer Aufgaben notwendig ist. Diese Dienstleister sind verpflichtet, Ihre personenbezogenen Daten gem\u00e4\u00df den geltenden Datenschutzgesetzen, insbesondere der DSGVO zu behandeln. Insofern Ihre personenbezogenen Daten in unserem Auftrag auf Basis von Auftragsverarbeitungsvertr\u00e4gen nach Art. 28 DSGVO verarbeitet werden, stellen wir sicher, dass die Verarbeitung von personenbezogenen Daten gem\u00e4\u00df der Datenschutz-Grundverordnung erfolgt.<\/p><p>Wir legen Wert darauf, Ihre Daten innerhalb der EU \/ des EWR zu verarbeiten. Es kann allerdings vorkommen, dass wir Dienstleister einsetzen, die au\u00dferhalb der EU \/ des EWR Daten verarbeiten. In diesen F\u00e4llen stellen wir sicher, dass vor der \u00dcbermittlung Ihrer personenbezogenen Daten ein angemessenes Datenschutzniveau, dass mit den Standards innerhalb der EU vergleichbar ist, beim Empf\u00e4nger hergestellt wird. Dies kann beispielsweise \u00fcber EU-Standardvertr\u00e4ge oder Binding Corporate Rules oder besondere \u00dcbereinkommen, deren Regelungen sich das Unternehmen unterwerfen kann, erreicht werden.<\/p><ol start=\"13\"><li><strong> Datensicherheit<\/strong><\/li><\/ol><p>Wir sichern unsere Website jedoch durch technische und organisatorische Ma\u00dfnahmen gegen Verlust, Zerst\u00f6rung, Zugriff, Ver\u00e4nderung oder Verbreitung Ihrer Daten durch unbefugte Personen ab.<\/p><p>Insbesondere werden Ihre pers\u00f6nlichen Daten bei uns verschl\u00fcsselt \u00fcbertragen. Wir bedienen uns dabei des Codierungssystems SSL\/TLS (Secure Sockets Layer\/ Transport Layer Security). Unsere Sicherheitsma\u00dfnahmen werden entsprechend der technologischen Entwicklung fortlaufend verbessert.<\/p><ol start=\"14\"><li><strong>Speicherdauer f\u00fcr personenbezogene Daten<\/strong><\/li><\/ol><p>Hinsichtlich der Speicherdauer gilt, dass wir personenbezogene Daten l\u00f6schen, sobald deren Speicherung f\u00fcr die Erf\u00fcllung des urspr\u00fcnglichen Zwecks nicht mehr erforderlich ist und keine gesetzlichen Aufbewahrungsfristen mehr bestehen. Die gesetzlichen Aufbewahrungsfristen bilden das Kriterium f\u00fcr die endg\u00fcltige Dauer der Speicherung von personenbezogenen Daten. Nach Ablauf der Frist werden die entsprechenden Daten routinem\u00e4\u00dfig gel\u00f6scht. Beim Bestehen von Aufbewahrungsfristen erfolgt eine Einschr\u00e4nkung der Verarbeitung in Form der Sperrung der Daten.<strong>\u00a0<\/strong><\/p><ol start=\"15\"><li><strong> Verweise und Links<\/strong><\/li><\/ol><p><strong>\u00a0<\/strong>Bei dem Aufrufen von Internetseiten, auf die im Rahmen unserer Website verwiesen wird, kann erneut nach Angaben wie Name, Anschrift, E-Mail-Adresse, Browsereigenschaften etc. gefragt werden. Diese Datenschutzerkl\u00e4rung regelt nicht das Erheben, die Weitergabe oder den Umgang personenbezogener Daten durch Dritte.<\/p><p>Dritte Diensteanbieter k\u00f6nnen abweichende und eigene Bestimmungen im Umgang mit der Erhebung, Verarbeitung und Nutzung von personenbezogenen Daten haben. Es wird daher angeraten, sich auf den Internetseiten Dritter vor Eingabe von personenbezogenen Daten \u00fcber deren Praxis zur Handhabung von personenbezogenen Daten zu informieren.<\/p>\t\t\t\t\t\t\t\t<\/div>\n\t\t\t\t<\/div>\n\t\t\t\t\t<\/div>\n\t\t<\/div>\n\t\t\t\t\t<\/div>\n\t\t<\/section>\n\t\t\t\t<section class=\"elementor-section elementor-top-section elementor-element elementor-element-3b082875 elementor-section-boxed elementor-section-height-default elementor-section-height-default\" data-id=\"3b082875\" data-element_type=\"section\" data-e-type=\"section\" data-settings=\"{&quot;background_background&quot;:&quot;classic&quot;}\">\n\t\t\t\t\t\t<div class=\"elementor-container elementor-column-gap-default\">\n\t\t\t\t\t<div class=\"elementor-column elementor-col-25 elementor-top-column elementor-element elementor-element-5b0f90d5\" data-id=\"5b0f90d5\" data-element_type=\"column\" data-e-type=\"column\">\n\t\t\t<div class=\"elementor-widget-wrap elementor-element-populated\">\n\t\t\t\t\t\t<div class=\"elementor-element elementor-element-510c9b2a elementor-hidden-desktop elementor-hidden-tablet elementor-widget elementor-widget-heading\" data-id=\"510c9b2a\" data-element_type=\"widget\" data-e-type=\"widget\" data-widget_type=\"heading.default\">\n\t\t\t\t<div class=\"elementor-widget-container\">\n\t\t\t\t\t<h4 class=\"elementor-heading-title elementor-size-default\">I<\/h4>\t\t\t\t<\/div>\n\t\t\t\t<\/div>\n\t\t\t\t<div class=\"elementor-element elementor-element-4756b884 elementor-widget elementor-widget-text-editor\" data-id=\"4756b884\" data-element_type=\"widget\" data-e-type=\"widget\" data-widget_type=\"text-editor.default\">\n\t\t\t\t<div class=\"elementor-widget-container\">\n\t\t\t\t\t\t\t\t\t<span style=\"color: #ffffff;\"><a style=\"color: #ffffff;\" href=\"https:\/\/vfgfoundation.org\/index.php\/impressum-transparenz\/\">Impressum &amp; Transparenz<\/a><br><br>\n<\/span><span style=\"color: #ffffff;\"><a style=\"color: #ffffff;\" href=\"https:\/\/vfgfoundation.org\/index.php\/datenschutzerklaerung\/\">Datenschutzerkl\u00e4rung<\/a><\/span>\t\t\t\t\t\t\t\t<\/div>\n\t\t\t\t<\/div>\n\t\t\t\t\t<\/div>\n\t\t<\/div>\n\t\t\t\t<div class=\"elementor-column elementor-col-25 elementor-top-column elementor-element elementor-element-1c7200f5\" data-id=\"1c7200f5\" data-element_type=\"column\" data-e-type=\"column\">\n\t\t\t<div class=\"elementor-widget-wrap elementor-element-populated\">\n\t\t\t\t\t\t<div class=\"elementor-element elementor-element-7beb9ab1 elementor-hidden-desktop elementor-hidden-tablet elementor-widget elementor-widget-spacer\" data-id=\"7beb9ab1\" data-element_type=\"widget\" data-e-type=\"widget\" data-widget_type=\"spacer.default\">\n\t\t\t\t<div class=\"elementor-widget-container\">\n\t\t\t\t\t\t\t<div class=\"elementor-spacer\">\n\t\t\t<div class=\"elementor-spacer-inner\"><\/div>\n\t\t<\/div>\n\t\t\t\t\t\t<\/div>\n\t\t\t\t<\/div>\n\t\t\t\t<div class=\"elementor-element elementor-element-4bd819ce elementor-widget elementor-widget-heading\" data-id=\"4bd819ce\" data-element_type=\"widget\" data-e-type=\"widget\" data-widget_type=\"heading.default\">\n\t\t\t\t<div class=\"elementor-widget-container\">\n\t\t\t\t\t<h4 class=\"elementor-heading-title elementor-size-default\">Kontakt<\/h4>\t\t\t\t<\/div>\n\t\t\t\t<\/div>\n\t\t\t\t<div class=\"elementor-element elementor-element-238472ac elementor-widget elementor-widget-text-editor\" data-id=\"238472ac\" data-element_type=\"widget\" data-e-type=\"widget\" data-widget_type=\"text-editor.default\">\n\t\t\t\t<div class=\"elementor-widget-container\">\n\t\t\t\t\t\t\t\t\t<div>Value for Good Foundation<\/div><div>Franz\u00f6sische Stra\u00dfe 47<br \/>10117 Berlin<\/div><div>\u00a0<\/div><p>E-Mail: mail@vfgfoundation.org<\/p>\t\t\t\t\t\t\t\t<\/div>\n\t\t\t\t<\/div>\n\t\t\t\t\t<\/div>\n\t\t<\/div>\n\t\t\t\t<div class=\"elementor-column elementor-col-25 elementor-top-column elementor-element elementor-element-3525cc51\" data-id=\"3525cc51\" data-element_type=\"column\" data-e-type=\"column\">\n\t\t\t<div class=\"elementor-widget-wrap elementor-element-populated\">\n\t\t\t\t\t\t<div class=\"elementor-element elementor-element-4efe4678 elementor-hidden-desktop elementor-hidden-tablet elementor-widget elementor-widget-spacer\" data-id=\"4efe4678\" data-element_type=\"widget\" data-e-type=\"widget\" data-widget_type=\"spacer.default\">\n\t\t\t\t<div class=\"elementor-widget-container\">\n\t\t\t\t\t\t\t<div class=\"elementor-spacer\">\n\t\t\t<div class=\"elementor-spacer-inner\"><\/div>\n\t\t<\/div>\n\t\t\t\t\t\t<\/div>\n\t\t\t\t<\/div>\n\t\t\t\t<div class=\"elementor-element elementor-element-6228e5ec elementor-widget elementor-widget-heading\" data-id=\"6228e5ec\" data-element_type=\"widget\" data-e-type=\"widget\" data-widget_type=\"heading.default\">\n\t\t\t\t<div class=\"elementor-widget-container\">\n\t\t\t\t\t<h4 class=\"elementor-heading-title elementor-size-default\">Links<\/h4>\t\t\t\t<\/div>\n\t\t\t\t<\/div>\n\t\t\t\t<div class=\"elementor-element elementor-element-3259e11b elementor-align-start elementor-icon-list--layout-traditional elementor-list-item-link-full_width elementor-widget elementor-widget-icon-list\" data-id=\"3259e11b\" data-element_type=\"widget\" data-e-type=\"widget\" data-widget_type=\"icon-list.default\">\n\t\t\t\t<div class=\"elementor-widget-container\">\n\t\t\t\t\t\t\t<ul class=\"elementor-icon-list-items\">\n\t\t\t\t\t\t\t<li class=\"elementor-icon-list-item\">\n\t\t\t\t\t\t\t\t\t\t\t<a href=\"https:\/\/www.valueforgood.com\/de\">\n\n\t\t\t\t\t\t\t\t\t\t\t\t<span class=\"elementor-icon-list-icon\">\n\t\t\t\t\t\t\t<i aria-hidden=\"true\" class=\"fas fa-angle-right\"><\/i>\t\t\t\t\t\t<\/span>\n\t\t\t\t\t\t\t\t\t\t<span class=\"elementor-icon-list-text\">Value for Good - Impact Advisors<\/span>\n\t\t\t\t\t\t\t\t\t\t\t<\/a>\n\t\t\t\t\t\t\t\t\t<\/li>\n\t\t\t\t\t\t<\/ul>\n\t\t\t\t\t\t<\/div>\n\t\t\t\t<\/div>\n\t\t\t\t\t<\/div>\n\t\t<\/div>\n\t\t\t\t<div class=\"elementor-column elementor-col-25 elementor-top-column elementor-element elementor-element-60417091\" data-id=\"60417091\" data-element_type=\"column\" data-e-type=\"column\">\n\t\t\t<div class=\"elementor-widget-wrap elementor-element-populated\">\n\t\t\t\t\t\t<div class=\"elementor-element elementor-element-373f7029 elementor-hidden-desktop elementor-hidden-tablet elementor-widget elementor-widget-spacer\" data-id=\"373f7029\" data-element_type=\"widget\" data-e-type=\"widget\" data-widget_type=\"spacer.default\">\n\t\t\t\t<div class=\"elementor-widget-container\">\n\t\t\t\t\t\t\t<div class=\"elementor-spacer\">\n\t\t\t<div class=\"elementor-spacer-inner\"><\/div>\n\t\t<\/div>\n\t\t\t\t\t\t<\/div>\n\t\t\t\t<\/div>\n\t\t\t\t<div class=\"elementor-element elementor-element-758ecde2 elementor-widget elementor-widget-heading\" data-id=\"758ecde2\" data-element_type=\"widget\" data-e-type=\"widget\" data-widget_type=\"heading.default\">\n\t\t\t\t<div class=\"elementor-widget-container\">\n\t\t\t\t\t<h4 class=\"elementor-heading-title elementor-size-default\">Social Media<\/h4>\t\t\t\t<\/div>\n\t\t\t\t<\/div>\n\t\t\t\t<div class=\"elementor-element elementor-element-2e95de6f e-grid-align-left elementor-shape-square elementor-grid-0 elementor-widget elementor-widget-social-icons\" data-id=\"2e95de6f\" data-element_type=\"widget\" data-e-type=\"widget\" data-widget_type=\"social-icons.default\">\n\t\t\t\t<div class=\"elementor-widget-container\">\n\t\t\t\t\t\t\t<div class=\"elementor-social-icons-wrapper elementor-grid\" role=\"list\">\n\t\t\t\t\t\t\t<span class=\"elementor-grid-item\" role=\"listitem\">\n\t\t\t\t\t<a class=\"elementor-icon elementor-social-icon elementor-social-icon-linkedin-in elementor-repeater-item-11b5f0a\" href=\"https:\/\/www.linkedin.com\/company\/9351497\" target=\"_blank\">\n\t\t\t\t\t\t<span class=\"elementor-screen-only\">Linkedin-in<\/span>\n\t\t\t\t\t\t<i aria-hidden=\"true\" class=\"fab fa-linkedin-in\"><\/i>\t\t\t\t\t<\/a>\n\t\t\t\t<\/span>\n\t\t\t\t\t\t\t<span class=\"elementor-grid-item\" role=\"listitem\">\n\t\t\t\t\t<a class=\"elementor-icon elementor-social-icon elementor-social-icon-facebook-f elementor-repeater-item-c1104d1\" href=\"https:\/\/www.facebook.com\/valueforgood\" target=\"_blank\">\n\t\t\t\t\t\t<span class=\"elementor-screen-only\">Facebook-f<\/span>\n\t\t\t\t\t\t<i aria-hidden=\"true\" class=\"fab fa-facebook-f\"><\/i>\t\t\t\t\t<\/a>\n\t\t\t\t<\/span>\n\t\t\t\t\t\t\t<span class=\"elementor-grid-item\" role=\"listitem\">\n\t\t\t\t\t<a class=\"elementor-icon elementor-social-icon elementor-social-icon-instagram elementor-repeater-item-c40d208\" href=\"https:\/\/www.instagram.com\/valueforgood.berlin\/\" target=\"_blank\">\n\t\t\t\t\t\t<span class=\"elementor-screen-only\">Instagram<\/span>\n\t\t\t\t\t\t<i aria-hidden=\"true\" class=\"fab fa-instagram\"><\/i>\t\t\t\t\t<\/a>\n\t\t\t\t<\/span>\n\t\t\t\t\t<\/div>\n\t\t\t\t\t\t<\/div>\n\t\t\t\t<\/div>\n\t\t\t\t\t<\/div>\n\t\t<\/div>\n\t\t\t\t\t<\/div>\n\t\t<\/section>\n\t\t\t\t<\/div>\n\t\t","protected":false},"excerpt":{"rendered":"<p>Datenschutzerkl\u00e4rung Datenschutz- erkl\u00e4rung Datenschutzerkl\u00e4rung Vielen Dank f\u00fcr den Besuch auf unserer Webseite. Die Einhaltung der datenschutzrechtlichen Vorgaben hat f\u00fcr uns eine besondere Bedeutung. Ziel dieser Datenschutzerkl\u00e4rung ist es, Sie als Nutzer der Website \u00fcber Art, Umfang und Zweck der Verarbeitung personenbezogener Daten und die f\u00fcr Sie bestehenden Rechte aufzukl\u00e4ren, soweit Sie als betroffene Person i.S.d. [&hellip;]<\/p>\n","protected":false},"author":7,"featured_media":0,"parent":0,"menu_order":0,"comment_status":"closed","ping_status":"closed","template":"elementor_header_footer","meta":{"ocean_post_layout":"","ocean_both_sidebars_style":"","ocean_both_sidebars_content_width":0,"ocean_both_sidebars_sidebars_width":0,"ocean_sidebar":"","ocean_second_sidebar":"","ocean_disable_margins":"enable","ocean_add_body_class":"","ocean_shortcode_before_top_bar":"","ocean_shortcode_after_top_bar":"","ocean_shortcode_before_header":"","ocean_shortcode_after_header":"","ocean_has_shortcode":"","ocean_shortcode_after_title":"","ocean_shortcode_before_footer_widgets":"","ocean_shortcode_after_footer_widgets":"","ocean_shortcode_before_footer_bottom":"","ocean_shortcode_after_footer_bottom":"","ocean_display_top_bar":"default","ocean_display_header":"default","ocean_header_style":"","ocean_center_header_left_menu":"","ocean_custom_header_template":"","ocean_custom_logo":0,"ocean_custom_retina_logo":0,"ocean_custom_logo_max_width":0,"ocean_custom_logo_tablet_max_width":0,"ocean_custom_logo_mobile_max_width":0,"ocean_custom_logo_max_height":0,"ocean_custom_logo_tablet_max_height":0,"ocean_custom_logo_mobile_max_height":0,"ocean_header_custom_menu":"","ocean_menu_typo_font_family":"","ocean_menu_typo_font_subset":"","ocean_menu_typo_font_size":0,"ocean_menu_typo_font_size_tablet":0,"ocean_menu_typo_font_size_mobile":0,"ocean_menu_typo_font_size_unit":"px","ocean_menu_typo_font_weight":"","ocean_menu_typo_font_weight_tablet":"","ocean_menu_typo_font_weight_mobile":"","ocean_menu_typo_transform":"","ocean_menu_typo_transform_tablet":"","ocean_menu_typo_transform_mobile":"","ocean_menu_typo_line_height":0,"ocean_menu_typo_line_height_tablet":0,"ocean_menu_typo_line_height_mobile":0,"ocean_menu_typo_line_height_unit":"","ocean_menu_typo_spacing":0,"ocean_menu_typo_spacing_tablet":0,"ocean_menu_typo_spacing_mobile":0,"ocean_menu_typo_spacing_unit":"","ocean_menu_link_color":"","ocean_menu_link_color_hover":"","ocean_menu_link_color_active":"","ocean_menu_link_background":"","ocean_menu_link_hover_background":"","ocean_menu_link_active_background":"","ocean_menu_social_links_bg":"","ocean_menu_social_hover_links_bg":"","ocean_menu_social_links_color":"","ocean_menu_social_hover_links_color":"","ocean_disable_title":"default","ocean_disable_heading":"default","ocean_post_title":"","ocean_post_subheading":"","ocean_post_title_style":"","ocean_post_title_background_color":"","ocean_post_title_background":0,"ocean_post_title_bg_image_position":"","ocean_post_title_bg_image_attachment":"","ocean_post_title_bg_image_repeat":"","ocean_post_title_bg_image_size":"","ocean_post_title_height":0,"ocean_post_title_bg_overlay":0.5,"ocean_post_title_bg_overlay_color":"","ocean_disable_breadcrumbs":"default","ocean_breadcrumbs_color":"","ocean_breadcrumbs_separator_color":"","ocean_breadcrumbs_links_color":"","ocean_breadcrumbs_links_hover_color":"","ocean_display_footer_widgets":"default","ocean_display_footer_bottom":"default","ocean_custom_footer_template":"","footnotes":""},"class_list":["post-864","page","type-page","status-publish","hentry","entry"],"_links":{"self":[{"href":"https:\/\/vfgfoundation.org\/de\/wp-json\/wp\/v2\/pages\/864","targetHints":{"allow":["GET"]}}],"collection":[{"href":"https:\/\/vfgfoundation.org\/de\/wp-json\/wp\/v2\/pages"}],"about":[{"href":"https:\/\/vfgfoundation.org\/de\/wp-json\/wp\/v2\/types\/page"}],"author":[{"embeddable":true,"href":"https:\/\/vfgfoundation.org\/de\/wp-json\/wp\/v2\/users\/7"}],"replies":[{"embeddable":true,"href":"https:\/\/vfgfoundation.org\/de\/wp-json\/wp\/v2\/comments?post=864"}],"version-history":[{"count":140,"href":"https:\/\/vfgfoundation.org\/de\/wp-json\/wp\/v2\/pages\/864\/revisions"}],"predecessor-version":[{"id":1843,"href":"https:\/\/vfgfoundation.org\/de\/wp-json\/wp\/v2\/pages\/864\/revisions\/1843"}],"wp:attachment":[{"href":"https:\/\/vfgfoundation.org\/de\/wp-json\/wp\/v2\/media?parent=864"}],"curies":[{"name":"wp","href":"https:\/\/api.w.org\/{rel}","templated":true}]}}